{"id":16495,"date":"2024-04-17T17:10:24","date_gmt":"2024-04-17T17:10:24","guid":{"rendered":"https:\/\/prehabilitation.ca\/?page_id=16495"},"modified":"2024-10-10T14:50:18","modified_gmt":"2024-10-10T14:50:18","slug":"clinical-team","status":"publish","type":"page","link":"https:\/\/prehabilitation.ca\/fr\/about-us\/clinical-team\/","title":{"rendered":"\u00c9quipe clinique"},"content":{"rendered":"<div class=\"wpb-content-wrapper\"><div class=\"vc_row wpb_row vc_row-fluid\"><div class=\"column-worker column-worker-first-row wpb_column vc_column_container vc_col-sm-4\"><div class=\"vc_column-inner vc_custom_1713883048164\"><div class=\"wpb_wrapper\">\n\t<div  class=\"wpb_single_image wpb_content_element vc_align_center\">\n\t\t\n\t\t<figure class=\"wpb_wrapper vc_figure\">\n\t\t\t<div class=\"vc_single_image-wrapper   vc_box_border_grey\"><img loading=\"lazy\" decoding=\"async\" width=\"300\" height=\"300\" src=\"https:\/\/prehabilitation.ca\/wp-content\/uploads\/sites\/10\/2024\/04\/Francesco-Carli_Photo-by-Michael-Cichon_1074_print-300x300.webp\" class=\"vc_single_image-img attachment-medium\" alt=\"Dr. Francesco Carli\" title=\"Francesco Carli_Photo by Michael Cichon_1074_print\" srcset=\"https:\/\/prehabilitation.ca\/wp-content\/uploads\/sites\/10\/2024\/04\/Francesco-Carli_Photo-by-Michael-Cichon_1074_print-300x300.webp 300w, https:\/\/prehabilitation.ca\/wp-content\/uploads\/sites\/10\/2024\/04\/Francesco-Carli_Photo-by-Michael-Cichon_1074_print-1024x1024.webp 1024w, https:\/\/prehabilitation.ca\/wp-content\/uploads\/sites\/10\/2024\/04\/Francesco-Carli_Photo-by-Michael-Cichon_1074_print-150x150.webp 150w, https:\/\/prehabilitation.ca\/wp-content\/uploads\/sites\/10\/2024\/04\/Francesco-Carli_Photo-by-Michael-Cichon_1074_print-768x768.webp 768w, https:\/\/prehabilitation.ca\/wp-content\/uploads\/sites\/10\/2024\/04\/Francesco-Carli_Photo-by-Michael-Cichon_1074_print-1536x1536.webp 1536w, https:\/\/prehabilitation.ca\/wp-content\/uploads\/sites\/10\/2024\/04\/Francesco-Carli_Photo-by-Michael-Cichon_1074_print-2048x2048.webp 2048w, https:\/\/prehabilitation.ca\/wp-content\/uploads\/sites\/10\/2024\/04\/Francesco-Carli_Photo-by-Michael-Cichon_1074_print-12x12.webp 12w\" sizes=\"auto, (max-width: 300px) 100vw, 300px\"  data-dt-location=\"https:\/\/prehabilitation.ca\/fr\/about-us\/board-of-directors\/francesco-carli_photo-by-michael-cichon_1074_print\/\" \/><\/div>\n\t\t<\/figure>\n\t<\/div>\n<div class=\"vc_row wpb_row vc_inner vc_row-fluid\"><div class=\"text-and-email wpb_column vc_column_container vc_col-sm-12\"><div class=\"vc_column-inner\"><div class=\"wpb_wrapper\">\n\t<div class=\"wpb_text_column wpb_content_element\" >\n\t\t<div class=\"wpb_wrapper\">\n\t\t\t<p><strong>Dr. Francesco Carli<br \/>\n<\/strong><strong>MD, MPhil, FRCA, FRCPC<\/strong><br \/>\nClinical Director<\/p>\n\n\t\t<\/div>\n\t<\/div>\n<div class=\"vc_icon_element vc_icon_element-outer vc_do_icon vc_icon_element-align-center\"><div class=\"vc_icon_element-inner vc_icon_element-color-custom vc_icon_element-size-md vc_icon_element-style- vc_icon_element-background-color-grey\" ><span class=\"vc_icon_element-icon fas fa-envelope\" style=\"color:#0078c8 !important\"><\/span><a class=\"vc_icon_element-link\" href=\"mailto:franco.carli@mcgill.ca\"  title=\"\" target=\"_self\"><\/a><\/div><\/div><\/div><\/div><\/div><\/div><div  class=\"vc_do_toggle vc_toggle vc_toggle_default vc_toggle_color_black  vc_toggle_size_md   bio-text vc_custom_1713376438510\"><div class=\"vc_toggle_title\"><h4>Biography<\/h4><i class=\"vc_toggle_icon\"><\/i><\/div><div class=\"vc_toggle_content\"><div style=\"text-align: center\">\n<p>Le Dr\u00a0Francesco Carli est professeur d\u2019anesth\u00e9sie et professeur agr\u00e9g\u00e9 \u00e0 l\u2019\u00c9cole de nutrition humaine de l\u2019Universit\u00e9 McGill. Les sujets de recherche qui l\u2019int\u00e9ressent portent sur le stress chirurgical et la pr\u00e9adaptation.<\/p>\n<p>Le Dr\u00a0Carli est un membre fondateur de l\u2019ERAS Society (Enhanced Recovery After Surgery), une organisation internationale qui apprend aux cliniciens comment mettre en \u0153uvre des programmes p\u00e9riop\u00e9ratoires multidisciplinaires fond\u00e9s sur des donn\u00e9es factuelles dans le but d\u2019acc\u00e9l\u00e9rer le processus de r\u00e9cup\u00e9ration apr\u00e8s une intervention chirurgicale majeure.<\/p>\n<p>Dr. Carli is a founding member of POP, a Principal Investigator in prehabilitation research and clinical director of the prehabilitation clinic. As a clinical director he plays a key role in patient prehabilitation pathway generation.\n<\/p><\/div>\n<\/div><\/div><\/div><\/div><\/div><div class=\"column-worker column-worker-first-row wpb_column vc_column_container vc_col-sm-4\"><div class=\"vc_column-inner vc_custom_1713883057349\"><div class=\"wpb_wrapper\">\n\t<div  class=\"wpb_single_image wpb_content_element vc_align_center\">\n\t\t\n\t\t<figure class=\"wpb_wrapper vc_figure\">\n\t\t\t<div class=\"vc_single_image-wrapper   vc_box_border_grey\"><img loading=\"lazy\" decoding=\"async\" width=\"300\" height=\"300\" src=\"https:\/\/prehabilitation.ca\/wp-content\/uploads\/sites\/10\/2024\/04\/janius-300x300.webp\" class=\"vc_single_image-img attachment-medium\" alt=\"Janius\" title=\"janius\" srcset=\"https:\/\/prehabilitation.ca\/wp-content\/uploads\/sites\/10\/2024\/04\/janius-300x300.webp 300w, https:\/\/prehabilitation.ca\/wp-content\/uploads\/sites\/10\/2024\/04\/janius-150x150.webp 150w, https:\/\/prehabilitation.ca\/wp-content\/uploads\/sites\/10\/2024\/04\/janius-12x12.webp 12w, https:\/\/prehabilitation.ca\/wp-content\/uploads\/sites\/10\/2024\/04\/janius.webp 768w\" sizes=\"auto, (max-width: 300px) 100vw, 300px\"  data-dt-location=\"https:\/\/prehabilitation.ca\/fr\/about-us\/clinical-team\/janius\/\" \/><\/div>\n\t\t<\/figure>\n\t<\/div>\n<div class=\"vc_row wpb_row vc_inner vc_row-fluid\"><div class=\"text-and-email wpb_column vc_column_container vc_col-sm-12\"><div class=\"vc_column-inner\"><div class=\"wpb_wrapper\">\n\t<div class=\"wpb_text_column wpb_content_element\" >\n\t\t<div class=\"wpb_wrapper\">\n\t\t\t<p><strong>Dr. Janius Tsang, MD, MSc<\/strong><br \/>\nClinical co-director<\/p>\n\n\t\t<\/div>\n\t<\/div>\n<div class=\"vc_icon_element vc_icon_element-outer vc_do_icon vc_icon_element-align-center\"><div class=\"vc_icon_element-inner vc_icon_element-color-custom vc_icon_element-size-md vc_icon_element-style- vc_icon_element-background-color-grey\" ><span class=\"vc_icon_element-icon fas fa-envelope\" style=\"color:#0078c8 !important\"><\/span><a class=\"vc_icon_element-link\" href=\"mailto:janius.tsang@mcgill.ca\"  title=\"\" target=\"_self\"><\/a><\/div><\/div><\/div><\/div><\/div><\/div><div  class=\"vc_do_toggle vc_toggle vc_toggle_default vc_toggle_color_black  vc_toggle_size_md   bio-text vc_custom_1713376974240\"><div class=\"vc_toggle_title\"><h4>Biography<\/h4><i class=\"vc_toggle_icon\"><\/i><\/div><div class=\"vc_toggle_content\"><div style=\"text-align: center\">\n<p>Dr. Janius Tsang obtained her medical degree from the University of Calgary in 2004 and completed her residency training in Anesthesiology at McGill University in 2009. While working in the community setting, she was inspired by the pioneering work of the perioperative program team. To further her involvement, she returned to McGill University in 2021 to pursue a Masters\u2019 degree in Experimental Surgery. Since 2020, she also works as a staff anesthesiologist in the Department of Anesthesia at the Montreal General Hospital and teaches trainees about preparing patients for surgery. She is additionally the clinical co-director of the prehabilitation clinic, where she assists the team in creating the best pathway to optimize patients.\n<\/p><\/div>\n<\/div><\/div><\/div><\/div><\/div><div class=\"column-worker column-worker-first-row wpb_column vc_column_container vc_col-sm-4\"><div class=\"vc_column-inner vc_custom_1713883064716\"><div class=\"wpb_wrapper\">\n\t<div  class=\"wpb_single_image wpb_content_element vc_align_center\">\n\t\t\n\t\t<figure class=\"wpb_wrapper vc_figure\">\n\t\t\t<div class=\"vc_single_image-wrapper   vc_box_border_grey\"><img loading=\"lazy\" decoding=\"async\" width=\"300\" height=\"300\" src=\"https:\/\/prehabilitation.ca\/wp-content\/uploads\/sites\/10\/2024\/04\/amal-300x300.webp\" class=\"vc_single_image-img attachment-medium\" alt=\"Amal\" title=\"amal\" srcset=\"https:\/\/prehabilitation.ca\/wp-content\/uploads\/sites\/10\/2024\/04\/amal-300x300.webp 300w, https:\/\/prehabilitation.ca\/wp-content\/uploads\/sites\/10\/2024\/04\/amal-150x150.webp 150w, https:\/\/prehabilitation.ca\/wp-content\/uploads\/sites\/10\/2024\/04\/amal-12x12.webp 12w, https:\/\/prehabilitation.ca\/wp-content\/uploads\/sites\/10\/2024\/04\/amal.webp 768w\" sizes=\"auto, (max-width: 300px) 100vw, 300px\"  data-dt-location=\"https:\/\/prehabilitation.ca\/fr\/about-us\/clinical-team\/amal\/\" \/><\/div>\n\t\t<\/figure>\n\t<\/div>\n<div class=\"vc_row wpb_row vc_inner vc_row-fluid\"><div class=\"text-and-email wpb_column vc_column_container vc_col-sm-12\"><div class=\"vc_column-inner\"><div class=\"wpb_wrapper\">\n\t<div class=\"wpb_text_column wpb_content_element\" >\n\t\t<div class=\"wpb_wrapper\">\n\t\t\t<p><strong>Dr. Amal Bessissow, MD, MSc, FRCPC<\/strong><br \/>\nDirector of MUHC Preoperative Clinic<br \/>\nInternal Medicine Consultant<\/p>\n\n\t\t<\/div>\n\t<\/div>\n<div class=\"vc_icon_element vc_icon_element-outer vc_do_icon vc_icon_element-align-center\"><div class=\"vc_icon_element-inner vc_icon_element-color-custom vc_icon_element-size-md vc_icon_element-style- vc_icon_element-background-color-grey\" ><span class=\"vc_icon_element-icon fas fa-envelope\" style=\"color:#0078c8 !important\"><\/span><a class=\"vc_icon_element-link\" href=\"mailto:amal.bessissow@mcgill.ca\"  title=\"\" target=\"_self\"><\/a><\/div><\/div><\/div><\/div><\/div><\/div><div  class=\"vc_do_toggle vc_toggle vc_toggle_default vc_toggle_color_black  vc_toggle_size_md   bio-text vc_custom_1713377219159\"><div class=\"vc_toggle_title\"><h4>Biography<\/h4><i class=\"vc_toggle_icon\"><\/i><\/div><div class=\"vc_toggle_content\"><div style=\"text-align: center\">\n<p>In 2012, Dr. A. Bessissow obtained Royal College of Physician of Canada Fellowship in Internal Medicine and in 2015, she obtained Royal college of Physicians of Canada Fellowship in General Internal Medicine. As of July 2015, she holds the position of assistant professor of internal medicine at McGill University Health Centre. Dr. Bessissow is currently the medical director of the preoperative clinic at the MUHC and the director of the general internal medicine\/postoperative consult service at the MGH. At the prehabilitation clinic, Dr. Bessissow is involved in optimizing medical conditions (e.g., diabetes, hypertension, anemia) during and after the prehabilitation period in surgical patients.\n<\/p><\/div>\n<\/div><\/div><\/div><\/div><\/div><\/div><div class=\"vc_row wpb_row vc_row-fluid\"><div class=\"column-worker wpb_column vc_column_container vc_col-sm-4\"><div class=\"vc_column-inner\"><div class=\"wpb_wrapper\">\n\t<div  class=\"wpb_single_image wpb_content_element vc_align_center\">\n\t\t\n\t\t<figure class=\"wpb_wrapper vc_figure\">\n\t\t\t<div class=\"vc_single_image-wrapper   vc_box_border_grey\"><img loading=\"lazy\" decoding=\"async\" width=\"300\" height=\"300\" src=\"https:\/\/prehabilitation.ca\/wp-content\/uploads\/sites\/10\/2024\/10\/jun-kim-photo-1-300x300.png\" class=\"vc_single_image-img attachment-medium\" alt=\"Do Jun\" title=\"jun-kim-photo (1)\" srcset=\"https:\/\/prehabilitation.ca\/wp-content\/uploads\/sites\/10\/2024\/10\/jun-kim-photo-1-300x300.png 300w, https:\/\/prehabilitation.ca\/wp-content\/uploads\/sites\/10\/2024\/10\/jun-kim-photo-1-150x150.png 150w, https:\/\/prehabilitation.ca\/wp-content\/uploads\/sites\/10\/2024\/10\/jun-kim-photo-1-12x12.png 12w, https:\/\/prehabilitation.ca\/wp-content\/uploads\/sites\/10\/2024\/10\/jun-kim-photo-1.png 768w\" sizes=\"auto, (max-width: 300px) 100vw, 300px\"  data-dt-location=\"https:\/\/prehabilitation.ca\/fr\/about-us\/clinical-team\/jun-kim-photo-1-2\/\" \/><\/div>\n\t\t<\/figure>\n\t<\/div>\n<div class=\"vc_row wpb_row vc_inner vc_row-fluid\"><div class=\"text-and-email wpb_column vc_column_container vc_col-sm-12\"><div class=\"vc_column-inner\"><div class=\"wpb_wrapper\">\n\t<div class=\"wpb_text_column wpb_content_element\" >\n\t\t<div class=\"wpb_wrapper\">\n\t\t\t<p><strong>Do Jun Kim, MSc<\/strong><br \/>\nClinical Leader and Physiotherapist<\/p>\n\n\t\t<\/div>\n\t<\/div>\n<div class=\"vc_icon_element vc_icon_element-outer vc_do_icon vc_icon_element-align-center\"><div class=\"vc_icon_element-inner vc_icon_element-color-custom vc_icon_element-size-md vc_icon_element-style- vc_icon_element-background-color-grey\" ><span class=\"vc_icon_element-icon fas fa-envelope\" style=\"color:#0078c8 !important\"><\/span><a class=\"vc_icon_element-link\" href=\"mailto:dojun.kim@muhc.mcgill.ca\"  title=\"\" target=\"_self\"><\/a><\/div><\/div><\/div><\/div><\/div><\/div><div  class=\"vc_do_toggle vc_toggle vc_toggle_default vc_toggle_color_black  vc_toggle_size_md   bio-text vc_custom_1713379102068\"><div class=\"vc_toggle_title\"><h4>Biography<\/h4><i class=\"vc_toggle_icon\"><\/i><\/div><div class=\"vc_toggle_content\"><div style=\"text-align: center\">\n<p>DJ has a Master\u2019s degree in Exercise Physiology and Physiotherapy. He has been working with cancer patients for more than 20 years, doing assessments, prescribing home exercise programs, supervising exercise, and providing patient education at the prehabilitation clinic. DJ has the responsibility of managing the clinical prehabilitation team. He is also working in the Enhanced Recovery After Surgery (ERAS) unit at the Montreal General Hospital, MUHC.\n<\/p><\/div>\n<\/div><\/div><\/div><\/div><\/div><div class=\"wpb_column vc_column_container vc_col-sm-4\"><div class=\"vc_column-inner\"><div class=\"wpb_wrapper\">\n\t<div  class=\"wpb_single_image wpb_content_element vc_align_center\">\n\t\t\n\t\t<figure class=\"wpb_wrapper vc_figure\">\n\t\t\t<div class=\"vc_single_image-wrapper   vc_box_border_grey\"><img loading=\"lazy\" decoding=\"async\" width=\"300\" height=\"300\" src=\"https:\/\/prehabilitation.ca\/wp-content\/uploads\/sites\/10\/2024\/04\/roni-300x300.webp\" class=\"vc_single_image-img attachment-medium\" alt=\"Roni Zaks\" title=\"roni\" srcset=\"https:\/\/prehabilitation.ca\/wp-content\/uploads\/sites\/10\/2024\/04\/roni-300x300.webp 300w, https:\/\/prehabilitation.ca\/wp-content\/uploads\/sites\/10\/2024\/04\/roni-150x150.webp 150w, https:\/\/prehabilitation.ca\/wp-content\/uploads\/sites\/10\/2024\/04\/roni-12x12.webp 12w, https:\/\/prehabilitation.ca\/wp-content\/uploads\/sites\/10\/2024\/04\/roni.webp 768w\" sizes=\"auto, (max-width: 300px) 100vw, 300px\"  data-dt-location=\"https:\/\/prehabilitation.ca\/fr\/about-us\/clinical-team\/roni\/\" \/><\/div>\n\t\t<\/figure>\n\t<\/div>\n<div class=\"vc_row wpb_row vc_inner vc_row-fluid\"><div class=\"text-and-email wpb_column vc_column_container vc_col-sm-12\"><div class=\"vc_column-inner\"><div class=\"wpb_wrapper\">\n\t<div class=\"wpb_text_column wpb_content_element\" >\n\t\t<div class=\"wpb_wrapper\">\n\t\t\t<p><strong>Roni Zaks, MSc Student<\/strong><br \/>\nChef de projet et kin\u00e9siologue<\/p>\n\n\t\t<\/div>\n\t<\/div>\n<div class=\"vc_icon_element vc_icon_element-outer vc_do_icon vc_icon_element-align-center\"><div class=\"vc_icon_element-inner vc_icon_element-color-custom vc_icon_element-size-md vc_icon_element-style- vc_icon_element-background-color-grey\" ><span class=\"vc_icon_element-icon fas fa-envelope\" style=\"color:#0078c8 !important\"><\/span><a class=\"vc_icon_element-link\" href=\"mailto:roni.zaks@muhc.mcgill.ca\"  title=\"\" target=\"_self\"><\/a><\/div><\/div><\/div><\/div><\/div><\/div><div  class=\"vc_do_toggle vc_toggle vc_toggle_default vc_toggle_color_black  vc_toggle_size_md   bio-text vc_custom_1713379187594\"><div class=\"vc_toggle_title\"><h4>Biography<\/h4><i class=\"vc_toggle_icon\"><\/i><\/div><div class=\"vc_toggle_content\"><div style=\"text-align: center\">\n<p>Roni Zaks, an accredited member of the Quebec Kinesiologists Federation, completed his B.Sc. at Concordia University in Kinesiology and Clinical Exercise Physiology in 2022. He is currently pursuing a M.Sc. in Experimental Surgery at McGill University. As a clinical kinesiologist, Roni\u2019s roles include patient assessment, home exercise prescription, supervised exercise training, cardiopulmonary exercise testing, and educating patients at the prehabilitation clinic. Roni has the additional responsibility of managing and developing an innovative portal for patients that will be undergoing the prehabilitation pathway.\n<\/p><\/div>\n<\/div><\/div><\/div><\/div><\/div><div class=\"wpb_column vc_column_container vc_col-sm-4\"><div class=\"vc_column-inner\"><div class=\"wpb_wrapper\">\n\t<div  class=\"wpb_single_image wpb_content_element vc_align_center\">\n\t\t\n\t\t<figure class=\"wpb_wrapper vc_figure\">\n\t\t\t<div class=\"vc_single_image-wrapper   vc_box_border_grey\"><img loading=\"lazy\" decoding=\"async\" width=\"300\" height=\"300\" src=\"https:\/\/prehabilitation.ca\/wp-content\/uploads\/sites\/10\/2024\/04\/pic_.webp\" class=\"vc_single_image-img attachment-medium\" alt=\"No avatar\" title=\"pic_\" srcset=\"https:\/\/prehabilitation.ca\/wp-content\/uploads\/sites\/10\/2024\/04\/pic_.webp 300w, https:\/\/prehabilitation.ca\/wp-content\/uploads\/sites\/10\/2024\/04\/pic_-150x150.webp 150w, https:\/\/prehabilitation.ca\/wp-content\/uploads\/sites\/10\/2024\/04\/pic_-12x12.webp 12w\" sizes=\"auto, (max-width: 300px) 100vw, 300px\"  data-dt-location=\"https:\/\/prehabilitation.ca\/fr\/about-us\/research-team\/pic_\/\" \/><\/div>\n\t\t<\/figure>\n\t<\/div>\n<div class=\"vc_row wpb_row vc_inner vc_row-fluid\"><div class=\"text-and-email wpb_column vc_column_container vc_col-sm-12\"><div class=\"vc_column-inner\"><div class=\"wpb_wrapper\">\n\t<div class=\"wpb_text_column wpb_content_element\" >\n\t\t<div class=\"wpb_wrapper\">\n\t\t\t<p><strong>Noa Yaakoba-Zohar,\u00a0RD,\u00a0MSc<\/strong><br \/>\nNutritionist<\/p>\n\n\t\t<\/div>\n\t<\/div>\n<div class=\"vc_icon_element vc_icon_element-outer vc_do_icon vc_icon_element-align-center\"><div class=\"vc_icon_element-inner vc_icon_element-color-custom vc_icon_element-size-md vc_icon_element-style- vc_icon_element-background-color-grey\" ><span class=\"vc_icon_element-icon fas fa-envelope\" style=\"color:#0078c8 !important\"><\/span><a class=\"vc_icon_element-link\" href=\"mailto:noa.yaakoba-zohar@muhc.mcgill.ca\"  title=\"\" target=\"_self\"><\/a><\/div><\/div><\/div><\/div><\/div><\/div><div  class=\"vc_do_toggle vc_toggle vc_toggle_default vc_toggle_color_black  vc_toggle_size_md   bio-text vc_custom_1713379264171\"><div class=\"vc_toggle_title\"><h4>Biography<\/h4><i class=\"vc_toggle_icon\"><\/i><\/div><div class=\"vc_toggle_content\"><div style=\"text-align: center\">\n<p>Noa Yaakoba-Zohar completed her M.Sc. in Human Nutrition at McGill University in 2020 and is an accredited member of the Ordre des di\u00e9t\u00e9tistes-nutritionnistes du Qu\u00e9bec. Since her graduation, Noa has worked as a clinical nutritionist at the MUHC in diverse areas including trauma and traumatic brain injury, thoracic surgery, and internal medicine. At the prehabilitation clinic, Noa&#8217;s role includes evaluation of patients&#8217; nutritional status, diagnosis of nutritional conditions, implementation of various nutritional interventions, and patient education.\n<\/p><\/div>\n<\/div><\/div><\/div><\/div><\/div><\/div><div class=\"vc_row wpb_row vc_row-fluid\"><div class=\"column-worker column-worker-third-row wpb_column vc_column_container vc_col-sm-4\"><div class=\"vc_column-inner vc_custom_1713883356357\"><div class=\"wpb_wrapper\">\n\t<div  class=\"wpb_single_image wpb_content_element vc_align_center\">\n\t\t\n\t\t<figure class=\"wpb_wrapper vc_figure\">\n\t\t\t<div class=\"vc_single_image-wrapper   vc_box_border_grey\"><img loading=\"lazy\" decoding=\"async\" width=\"300\" height=\"300\" src=\"https:\/\/prehabilitation.ca\/wp-content\/uploads\/sites\/10\/2024\/04\/linda-300x300.webp\" class=\"vc_single_image-img attachment-medium\" alt=\"Linda\" title=\"linda\" srcset=\"https:\/\/prehabilitation.ca\/wp-content\/uploads\/sites\/10\/2024\/04\/linda-300x300.webp 300w, https:\/\/prehabilitation.ca\/wp-content\/uploads\/sites\/10\/2024\/04\/linda-150x150.webp 150w, https:\/\/prehabilitation.ca\/wp-content\/uploads\/sites\/10\/2024\/04\/linda-12x12.webp 12w, https:\/\/prehabilitation.ca\/wp-content\/uploads\/sites\/10\/2024\/04\/linda.webp 768w\" sizes=\"auto, (max-width: 300px) 100vw, 300px\"  data-dt-location=\"https:\/\/prehabilitation.ca\/fr\/about-us\/clinical-team\/linda-2\/\" \/><\/div>\n\t\t<\/figure>\n\t<\/div>\n<div class=\"vc_row wpb_row vc_inner vc_row-fluid\"><div class=\"text-and-email wpb_column vc_column_container vc_col-sm-12\"><div class=\"vc_column-inner\"><div class=\"wpb_wrapper\">\n\t<div class=\"wpb_text_column wpb_content_element\" >\n\t\t<div class=\"wpb_wrapper\">\n\t\t\t<p><strong>Dr. Linda Edgar, MSc, PhD<\/strong><br \/>\nRelaxation and Coping Volunteer<\/p>\n\n\t\t<\/div>\n\t<\/div>\n<div class=\"vc_icon_element vc_icon_element-outer vc_do_icon vc_icon_element-align-center\"><div class=\"vc_icon_element-inner vc_icon_element-color-custom vc_icon_element-size-md vc_icon_element-style- vc_icon_element-background-color-grey\" ><span class=\"vc_icon_element-icon fas fa-envelope\" style=\"color:#0078c8 !important\"><\/span><a class=\"vc_icon_element-link\" href=\"mailto:lindajeanedgar@gmail.com\"  title=\"\" target=\"_self\"><\/a><\/div><\/div><\/div><\/div><\/div><\/div><div  class=\"vc_do_toggle vc_toggle vc_toggle_default vc_toggle_color_black  vc_toggle_size_md   bio-text vc_custom_1713379354039\"><div class=\"vc_toggle_title\"><h4>Biography<\/h4><i class=\"vc_toggle_icon\"><\/i><\/div><div class=\"vc_toggle_content\"><div style=\"text-align: center\">\n<p>Linda volunteers at prehabilitation clinic teaching relaxation techniques and coping strategies to the patients. Linda is a retired nurse with both a Masters and PhD in Nursing. She has conducted several funded research projects on coping, distress and volunteerism, and has published articles, book chapters and books on these topics.<\/p>\n<p>Elle a effectu\u00e9 ses recherches aux d\u00e9partements des soins infirmiers, d\u2019oncologie et d\u2019\u00e9pid\u00e9miologie de l\u2019H\u00f4pital g\u00e9n\u00e9ral juif. Elle a \u00e9galement \u00e9t\u00e9 conseill\u00e8re nationale en soutien psychosocial aupr\u00e8s de l\u2019Association canadienne du cancer colorectal.<\/p>\n<p>Elle continue d\u2019\u00eatre professeure auxiliaire en sciences infirmi\u00e8res \u00e0 l\u2019Universit\u00e9 Brock de St.\u00a0Catharines, en Ontario, et professeure adjointe auxiliaire \u00e0 l\u2019\u00c9cole des sciences infirmi\u00e8res de McGill.\n<\/p><\/div>\n<\/div><\/div><\/div><\/div><\/div><div class=\"column-worker column-worker-third-row wpb_column vc_column_container vc_col-sm-4\"><div class=\"vc_column-inner vc_custom_1713883365120\"><div class=\"wpb_wrapper\">\n\t<div  class=\"wpb_single_image wpb_content_element vc_align_center\">\n\t\t\n\t\t<figure class=\"wpb_wrapper vc_figure\">\n\t\t\t<div class=\"vc_single_image-wrapper   vc_box_border_grey\"><img loading=\"lazy\" decoding=\"async\" width=\"300\" height=\"300\" src=\"https:\/\/prehabilitation.ca\/wp-content\/uploads\/sites\/10\/2024\/04\/carol-300x300.webp\" class=\"vc_single_image-img attachment-medium\" alt=\"Carol\" title=\"carol\" srcset=\"https:\/\/prehabilitation.ca\/wp-content\/uploads\/sites\/10\/2024\/04\/carol-300x300.webp 300w, https:\/\/prehabilitation.ca\/wp-content\/uploads\/sites\/10\/2024\/04\/carol-150x150.webp 150w, https:\/\/prehabilitation.ca\/wp-content\/uploads\/sites\/10\/2024\/04\/carol-12x12.webp 12w, https:\/\/prehabilitation.ca\/wp-content\/uploads\/sites\/10\/2024\/04\/carol.webp 768w\" sizes=\"auto, (max-width: 300px) 100vw, 300px\"  data-dt-location=\"https:\/\/prehabilitation.ca\/fr\/about-us\/clinical-team\/carol-2\/\" \/><\/div>\n\t\t<\/figure>\n\t<\/div>\n<div class=\"vc_row wpb_row vc_inner vc_row-fluid\"><div class=\"text-and-email wpb_column vc_column_container vc_col-sm-12\"><div class=\"vc_column-inner\"><div class=\"wpb_wrapper\">\n\t<div class=\"wpb_text_column wpb_content_element\" >\n\t\t<div class=\"wpb_wrapper\">\n\t\t\t<p><strong>Carol Common, MSc<\/strong><br \/>\nRelaxation and Coping Specialist<\/p>\n\n\t\t<\/div>\n\t<\/div>\n<div class=\"vc_icon_element vc_icon_element-outer vc_do_icon vc_icon_element-align-center\"><div class=\"vc_icon_element-inner vc_icon_element-color-custom vc_icon_element-size-md vc_icon_element-style- vc_icon_element-background-color-grey\" ><span class=\"vc_icon_element-icon fas fa-envelope\" style=\"color:#0078c8 !important\"><\/span><a class=\"vc_icon_element-link\" href=\"mailto:carol.common@muhc.mcgill.ca\"  title=\"\" target=\"_self\"><\/a><\/div><\/div><\/div><\/div><\/div><\/div><div  class=\"vc_do_toggle vc_toggle vc_toggle_default vc_toggle_color_black  vc_toggle_size_md   bio-text vc_custom_1713379451694\"><div class=\"vc_toggle_title\"><h4>Biography<\/h4><i class=\"vc_toggle_icon\"><\/i><\/div><div class=\"vc_toggle_content\"><div style=\"text-align: center\">\n<p>As a relaxation and coping consultant, Carol helps patients with stress management using coping skills, relaxation and breathing exercises as well as reframing thoughts to support feelings of self-control and empowerment. Carol is a retired nurse with a Masters in Applied Science (Nursing) from McGill University. Her career has spanned various fields of nursing including pediatrics, oncology, community health, emergency management, and community liaison. Carol is a long-time yoga practitioner and has been teaching yoga since 2001\n<\/p><\/div>\n<\/div><\/div><\/div><\/div><\/div><div class=\"column-worker column-worker-third-row wpb_column vc_column_container vc_col-sm-4\"><div class=\"vc_column-inner vc_custom_1713883372047\"><div class=\"wpb_wrapper\">\n\t<div  class=\"wpb_single_image wpb_content_element vc_align_center\">\n\t\t\n\t\t<figure class=\"wpb_wrapper vc_figure\">\n\t\t\t<div class=\"vc_single_image-wrapper   vc_box_border_grey\"><img loading=\"lazy\" decoding=\"async\" width=\"300\" height=\"300\" src=\"https:\/\/prehabilitation.ca\/wp-content\/uploads\/sites\/10\/2024\/04\/anas-300x300.webp\" class=\"vc_single_image-img attachment-medium\" alt=\"Anas\" title=\"anas\" srcset=\"https:\/\/prehabilitation.ca\/wp-content\/uploads\/sites\/10\/2024\/04\/anas-300x300.webp 300w, https:\/\/prehabilitation.ca\/wp-content\/uploads\/sites\/10\/2024\/04\/anas-150x150.webp 150w, https:\/\/prehabilitation.ca\/wp-content\/uploads\/sites\/10\/2024\/04\/anas-12x12.webp 12w, https:\/\/prehabilitation.ca\/wp-content\/uploads\/sites\/10\/2024\/04\/anas.webp 768w\" sizes=\"auto, (max-width: 300px) 100vw, 300px\"  data-dt-location=\"https:\/\/prehabilitation.ca\/fr\/about-us\/clinical-team\/anas\/\" \/><\/div>\n\t\t<\/figure>\n\t<\/div>\n<div class=\"vc_row wpb_row vc_inner vc_row-fluid\"><div class=\"text-and-email wpb_column vc_column_container vc_col-sm-12\"><div class=\"vc_column-inner\"><div class=\"wpb_wrapper\">\n\t<div class=\"wpb_text_column wpb_content_element\" >\n\t\t<div class=\"wpb_wrapper\">\n\t\t\t<p><strong>Anas Koudieh, MD<\/strong><br \/>\nClinical research coordinator and data analyst<\/p>\n\n\t\t<\/div>\n\t<\/div>\n<div class=\"vc_icon_element vc_icon_element-outer vc_do_icon vc_icon_element-align-center\"><div class=\"vc_icon_element-inner vc_icon_element-color-custom vc_icon_element-size-md vc_icon_element-style- vc_icon_element-background-color-grey\" ><span class=\"vc_icon_element-icon fas fa-envelope\" style=\"color:#0078c8 !important\"><\/span><a class=\"vc_icon_element-link\" href=\"mailto:anas.koudieh@rimuhc.ca\"  title=\"\" target=\"_self\"><\/a><\/div><\/div><\/div><\/div><\/div><\/div><div  class=\"vc_do_toggle vc_toggle vc_toggle_default vc_toggle_color_black  vc_toggle_size_md   bio-text vc_custom_1713379520843\"><div class=\"vc_toggle_title\"><h4>Biography<\/h4><i class=\"vc_toggle_icon\"><\/i><\/div><div class=\"vc_toggle_content\"><div style=\"text-align: center\">\n<p>Anas Koudieh is a graduate from Al-Faisal University School of Medicine with an affiliation with King Faisal Specialist Hospital. He completed his Internship in King Fahad Medical City where he developed interest in clinical research, with one publication completed in the World Journal of Cardiovascular disease. Currently he is a research coordinator in the Montreal General Hospital where he focuses on data entry and analysis in the pre-habilitation clinic. He continues to strive to increase his expertise in research with a multidisciplinary team.\n<\/p><\/div>\n<\/div><\/div><\/div><\/div><\/div><\/div><div class=\"vc_row wpb_row vc_row-fluid\"><div class=\"column-worker column-worker-fourth-row wpb_column vc_column_container vc_col-sm-4\"><div class=\"vc_column-inner vc_custom_1713883585644\"><div class=\"wpb_wrapper\">\n\t<div  class=\"wpb_single_image wpb_content_element vc_align_center\">\n\t\t\n\t\t<figure class=\"wpb_wrapper vc_figure\">\n\t\t\t<div class=\"vc_single_image-wrapper   vc_box_border_grey\"><img loading=\"lazy\" decoding=\"async\" width=\"300\" height=\"300\" src=\"https:\/\/prehabilitation.ca\/wp-content\/uploads\/sites\/10\/2024\/04\/celena-300x300.webp\" class=\"vc_single_image-img attachment-medium\" alt=\"Celena\" title=\"celena\" srcset=\"https:\/\/prehabilitation.ca\/wp-content\/uploads\/sites\/10\/2024\/04\/celena-300x300.webp 300w, https:\/\/prehabilitation.ca\/wp-content\/uploads\/sites\/10\/2024\/04\/celena-150x150.webp 150w, https:\/\/prehabilitation.ca\/wp-content\/uploads\/sites\/10\/2024\/04\/celena-12x12.webp 12w, https:\/\/prehabilitation.ca\/wp-content\/uploads\/sites\/10\/2024\/04\/celena.webp 768w\" sizes=\"auto, (max-width: 300px) 100vw, 300px\"  data-dt-location=\"https:\/\/prehabilitation.ca\/fr\/about-us\/clinical-team\/celena\/\" \/><\/div>\n\t\t<\/figure>\n\t<\/div>\n<div class=\"vc_row wpb_row vc_inner vc_row-fluid\"><div class=\"text-and-email wpb_column vc_column_container vc_col-sm-12\"><div class=\"vc_column-inner\"><div class=\"wpb_wrapper\">\n\t<div class=\"wpb_text_column wpb_content_element\" >\n\t\t<div class=\"wpb_wrapper\">\n\t\t\t<p><strong>Dr. Celena Scheede-Bergdahl, PhD<\/strong><br \/>\nKinesiology Consultant<\/p>\n\n\t\t<\/div>\n\t<\/div>\n<div class=\"vc_icon_element vc_icon_element-outer vc_do_icon vc_icon_element-align-center\"><div class=\"vc_icon_element-inner vc_icon_element-color-custom vc_icon_element-size-md vc_icon_element-style- vc_icon_element-background-color-grey\" ><span class=\"vc_icon_element-icon fas fa-envelope\" style=\"color:#0078c8 !important\"><\/span><a class=\"vc_icon_element-link\" href=\"mailto:celena.scheede@mcgill.ca\"  title=\"\" target=\"_self\"><\/a><\/div><\/div><\/div><\/div><\/div><\/div><div  class=\"vc_do_toggle vc_toggle vc_toggle_default vc_toggle_color_black  vc_toggle_size_md   bio-text vc_custom_1713379580182\"><div class=\"vc_toggle_title\"><h4>Biography<\/h4><i class=\"vc_toggle_icon\"><\/i><\/div><div class=\"vc_toggle_content\"><div style=\"text-align: center\">\n<p>Dr. Bergdahl received her BSc in Exercise Science (Concordia University, Canada), MSc in Kinesiology (Universit\u00e9 de Montr\u00e9al, Canada) and PhD in Medical Physiology (University of Copenhagen, Denmark). Presently, she is a faculty member in the Department of Kinesiology and Physical Education at McGill University, where her research interests lie in the area of exercise interventions in various inflammatory and insulin resistant conditions.<\/p>\n<p>Dr. Bergdahl has been working with the prehabilitation team contributing to both the prehabilitation program and the development of guidelines for early mobilization as a part of Enhanced Recovery Canada.\n<\/p><\/div>\n<\/div><\/div><\/div><\/div><\/div><div class=\"column-worker column-worker-fourth-row wpb_column vc_column_container vc_col-sm-4\"><div class=\"vc_column-inner vc_custom_1713883577057\"><div class=\"wpb_wrapper\">\n\t<div  class=\"wpb_single_image wpb_content_element vc_align_center\">\n\t\t\n\t\t<figure class=\"wpb_wrapper vc_figure\">\n\t\t\t<div class=\"vc_single_image-wrapper   vc_box_border_grey\"><img loading=\"lazy\" decoding=\"async\" width=\"300\" height=\"300\" src=\"https:\/\/prehabilitation.ca\/wp-content\/uploads\/sites\/10\/2024\/04\/miquel-300x300.webp\" class=\"vc_single_image-img attachment-medium\" alt=\"Miquel\" title=\"miquel\" srcset=\"https:\/\/prehabilitation.ca\/wp-content\/uploads\/sites\/10\/2024\/04\/miquel-300x300.webp 300w, https:\/\/prehabilitation.ca\/wp-content\/uploads\/sites\/10\/2024\/04\/miquel-150x150.webp 150w, https:\/\/prehabilitation.ca\/wp-content\/uploads\/sites\/10\/2024\/04\/miquel-12x12.webp 12w, https:\/\/prehabilitation.ca\/wp-content\/uploads\/sites\/10\/2024\/04\/miquel.webp 768w\" sizes=\"auto, (max-width: 300px) 100vw, 300px\"  data-dt-location=\"https:\/\/prehabilitation.ca\/fr\/about-us\/clinical-team\/miquel\/\" \/><\/div>\n\t\t<\/figure>\n\t<\/div>\n<div class=\"vc_row wpb_row vc_inner vc_row-fluid\"><div class=\"text-and-email wpb_column vc_column_container vc_col-sm-12\"><div class=\"vc_column-inner\"><div class=\"wpb_wrapper\">\n\t<div class=\"wpb_text_column wpb_content_element\" >\n\t\t<div class=\"wpb_wrapper\">\n\t\t\t<p><strong>Dr. Miquel Coca, MD, MSc, PhD Candidate<\/strong><br \/>\nAnesthesiology Consultant<\/p>\n\n\t\t<\/div>\n\t<\/div>\n<div class=\"vc_icon_element vc_icon_element-outer vc_do_icon vc_icon_element-align-center\"><div class=\"vc_icon_element-inner vc_icon_element-color-custom vc_icon_element-size-md vc_icon_element-style- vc_icon_element-background-color-grey\" ><span class=\"vc_icon_element-icon fas fa-envelope\" style=\"color:#0078c8 !important\"><\/span><a class=\"vc_icon_element-link\" href=\"mailto:miquel.cocamartinez@mail.mcgill.ca\"  title=\"\" target=\"_self\"><\/a><\/div><\/div><\/div><\/div><\/div><\/div><div  class=\"vc_do_toggle vc_toggle vc_toggle_default vc_toggle_color_black  vc_toggle_size_md   bio-text vc_custom_1713379675310\"><div class=\"vc_toggle_title\"><h4>Biography<\/h4><i class=\"vc_toggle_icon\"><\/i><\/div><div class=\"vc_toggle_content\"><div style=\"text-align: center\">\n<p>Dr. Miquel Coca Martinez completed his medical degree at the Autonomous University of Barcelona and his residency training in Anesthesia and Critical Care at the University of Barcelona, Spain. He then moved to Montreal to join the prehabilitation team where he completed his Master of Science, in Experimental Surgery at McGill University. He is currently pursuing a Ph.D. studying prehabilitation in vascular surgery. At the same time, he is a practicing Anesthesiologist at the Maisonneuve-Rosemont Hospital.\n<\/p><\/div>\n<\/div><\/div><\/div><\/div><\/div><\/div><div class=\"vc_row wpb_row vc_row-fluid\"><div class=\"wpb_column vc_column_container vc_col-sm-12\"><div class=\"vc_column-inner\"><div class=\"wpb_wrapper\"><div class=\"vc_separator wpb_content_element vc_separator_align_center vc_sep_width_100 vc_sep_pos_align_center vc_separator_no_text vc_sep_color_grey vc_custom_1713366032136 wpb_content_element  vc_custom_1713366032136 wpb_content_element\" ><span class=\"vc_sep_holder vc_sep_holder_l\"><span class=\"vc_sep_line\"><\/span><\/span><span class=\"vc_sep_holder vc_sep_holder_r\"><span class=\"vc_sep_line\"><\/span><\/span>\n<\/div><\/div><\/div><\/div><\/div>\n<\/div>","protected":false},"excerpt":{"rendered":"<p>Dr. Francesco Carli MD, MPhil, FRCA, FRCPC Clinical Director Biography Dr. Francesco Carli is Professor of Anesthesia and Associate Professor in the School of Dietetics and Human Nutrition at McGill University. Dr. Carli\u2019s research interests are in the areas of surgical stress and prehabilitation. Dr. Carli is a founding member of the Enhanced Recovery After&hellip;<\/p>","protected":false},"author":116,"featured_media":0,"parent":15278,"menu_order":0,"comment_status":"closed","ping_status":"closed","template":"","meta":{"_monsterinsights_skip_tracking":false,"_monsterinsights_sitenote_active":false,"_monsterinsights_sitenote_note":"","_monsterinsights_sitenote_category":0,"footnotes":""},"yst_prominent_words":[],"class_list":["post-16495","page","type-page","status-publish","hentry","description-off"],"_links":{"self":[{"href":"https:\/\/prehabilitation.ca\/fr\/wp-json\/wp\/v2\/pages\/16495","targetHints":{"allow":["GET"]}}],"collection":[{"href":"https:\/\/prehabilitation.ca\/fr\/wp-json\/wp\/v2\/pages"}],"about":[{"href":"https:\/\/prehabilitation.ca\/fr\/wp-json\/wp\/v2\/types\/page"}],"author":[{"embeddable":true,"href":"https:\/\/prehabilitation.ca\/fr\/wp-json\/wp\/v2\/users\/116"}],"replies":[{"embeddable":true,"href":"https:\/\/prehabilitation.ca\/fr\/wp-json\/wp\/v2\/comments?post=16495"}],"version-history":[{"count":17,"href":"https:\/\/prehabilitation.ca\/fr\/wp-json\/wp\/v2\/pages\/16495\/revisions"}],"predecessor-version":[{"id":16691,"href":"https:\/\/prehabilitation.ca\/fr\/wp-json\/wp\/v2\/pages\/16495\/revisions\/16691"}],"up":[{"embeddable":true,"href":"https:\/\/prehabilitation.ca\/fr\/wp-json\/wp\/v2\/pages\/15278"}],"wp:attachment":[{"href":"https:\/\/prehabilitation.ca\/fr\/wp-json\/wp\/v2\/media?parent=16495"}],"wp:term":[{"taxonomy":"yst_prominent_words","embeddable":true,"href":"https:\/\/prehabilitation.ca\/fr\/wp-json\/wp\/v2\/yst_prominent_words?post=16495"}],"curies":[{"name":"wp","href":"https:\/\/api.w.org\/{rel}","templated":true}]}}